{"id":13476,"date":"2013-10-22T14:31:29","date_gmt":"2013-10-22T14:31:29","guid":{"rendered":"http:\/\/intersismet.com\/equipo\/guilherme-dray\/"},"modified":"2015-04-02T12:09:42","modified_gmt":"2015-04-02T12:09:42","slug":"guilherme-dray","status":"publish","type":"page","link":"http:\/\/intersismet.pt\/es\/equipo\/guilherme-dray\/","title":{"rendered":"Guilherme Dray"},"content":{"rendered":"<div class=\"vc_row wpb_row vc_row-fluid\"><div class=\"wpb_column vc_column_container vc_col-sm-4\"><div class=\"wpb_wrapper\">\n\t<div class=\"wpb_single_image wpb_content_element vc_align_left  wpb_animate_when_almost_visible wpb_left-to-right\">\n\t\t\n\t\t<figure class=\"wpb_wrapper vc_figure\">\n\t\t\t<div class=\"vc_single_image-wrapper   vc_box_border_grey\"><img loading=\"lazy\" decoding=\"async\" class=\"vc_single_image-img \" src=\"http:\/\/intersismet.com\/wp-content\/uploads\/2013\/10\/equipa_guilhermedaray.jpg\" width=\"270\" height=\"200\" alt=\"equipa_guilhermedaray\" title=\"equipa_guilhermedaray\" \/><\/div>\n\t\t<\/figure>\n\t<\/div>\n[dt_quote type=&#8221;blockquote&#8221; font_size=&#8221;normal&#8221; background=&#8221;plain&#8221; animation=&#8221;none&#8221;]If we had no winter, the spring would not be so pleasant.<\/p>\n<h6>Anne Bradstreet (1612-1672)<\/h6>\n<p>[\/dt_quote]<div class=\"vc_separator wpb_content_element vc_separator_align_center vc_sep_width_100 vc_sep_pos_align_center vc_separator_no_text vc_sep_color_grey\"><span\n\tclass=\"vc_sep_holder vc_sep_holder_l\"><span  class=\"vc_sep_line\"><\/span><\/span><span\n\tclass=\"vc_sep_holder vc_sep_holder_r\"><span  class=\"vc_sep_line\"><\/span><\/span>\n<\/div>\n\t<div class=\"wpb_text_column wpb_content_element \">\n\t\t<div class=\"wpb_wrapper\">\n\t\t\t<p><strong>Estudios realizados<br \/>\n<\/strong><\/p>\n<ul>\n<li>M\u00e1ster en Derecho, en Ciencias Jur\u00eddico-empresariales, por la Facultad de Derecho de la Universidad de Lisboa;<\/li>\n<li>Curso de Especializaci\u00f3n en Derecho Europeo, por la Facolt\u00e0 di Giurisprudenza di Urbino, Italia;<\/li>\n<li>Licenciatura en Derecho, por la Facultad de Derecho de la Universidad de Lisboa<\/li>\n<\/ul>\n\n\t\t<\/div>\n\t<\/div>\n<\/div><\/div><div class=\"wpb_column vc_column_container vc_col-sm-8\"><div class=\"wpb_wrapper\">\n\t<div class=\"wpb_text_column wpb_content_element \">\n\t\t<div class=\"wpb_wrapper\">\n\t\t\t<p><strong>Administrador de INTERSISMET S.A. y de INTERSISMET Consulting<\/strong>, cuenta con 20 a\u00f1os de experiencia en el sector p\u00fablico y privado.<\/p>\n<p><strong>Experiencia:<\/strong><\/p>\n<ul>\n<li>Docente de la Facultad de Derecho de Lisboa, desde 1993;<\/li>\n<li>Abogado, desde 1995;<\/li>\n<li>Docente de la Facultad de Derecho de Guinea Bissau, entre 1998 y 1999;<\/li>\n<li>Fundador y Miembro de la Direcci\u00f3n de los Institutos de Derecho del Trabajo y de Derecho del Consumo de la Facultad de Derecho de Lisboa, desde 2000;<\/li>\n<li>Miembro Fundador de la Comunidad de Juristas de Lengua Portuguesa, desde 2010;<\/li>\n<li>Jefe de Gabinete del Ministro de Obras P\u00fablicas, Transportes y Comunicaciones del XVII Gobierno Constitucional portugu\u00e9s, de 2005 a 2009;<\/li>\n<li>Jefe de Gabinete del Primero Ministro del XVIII Gobierno Constitucional portugu\u00e9s, de 2009 la 2011;<\/li>\n<li>Vocal de la Administraci\u00f3n en INTERSISMET, SA (Portugal) desde 2011;<\/li>\n<li>Vocal de la Administraci\u00f3n de INTERSISMET Consulting (Angola), desde 2011;<\/li>\n<li>Vocal de la Administraci\u00f3n de la BRZTECH (Brasil), \u2013 holding tecnol\u00f3gica con sede en S\u00e3o Paulo, desde 2012;<\/li>\n<li>Autor de diversas publicaciones jur\u00eddicas, en Portugal y Brasil;<\/li>\n<li>Ponente en diversos seminarios y cursos de postgrado, concretamente en las Facultades de Derecho de la Universidad de Lisboa, de la Universidad Nova de Lisboa, de la Universidad Cat\u00f3lica de Oporto y de la Pontificia Universidad Cat\u00f3lica de S\u00e3o Paulo<\/li>\n<\/ul>\n\n\t\t<\/div>\n\t<\/div>\n<\/div><\/div><\/div>\n","protected":false},"excerpt":{"rendered":"[dt_quote type=\"blockquote\" font_size=\"normal\" background=\"plain\" animation=\"none\"]If we had no winter, the spring would not be so pleasant. Anne Bradstreet (1612-1672) [\/dt_quote] Estudios realizados M\u00e1ster en Derecho, en Ciencias Jur\u00eddico-empresariales, por la Facultad de Derecho de la Universidad de Lisboa; Curso de Especializaci\u00f3n en Derecho Europeo, por la Facolt\u00e0 di Giurisprudenza di Urbino, Italia; Licenciatura en Derecho, &hellip; <a href=\"http:\/\/intersismet.pt\/es\/equipo\/guilherme-dray\/\" class=\"more-link\">Continue reading <span class=\"screen-reader-text\">Guilherme Dray<\/span><\/a>","protected":false},"author":1,"featured_media":0,"parent":13456,"menu_order":0,"comment_status":"closed","ping_status":"open","template":"","meta":{"footnotes":""},"_links":{"self":[{"href":"http:\/\/intersismet.pt\/es\/wp-json\/wp\/v2\/pages\/13476"}],"collection":[{"href":"http:\/\/intersismet.pt\/es\/wp-json\/wp\/v2\/pages"}],"about":[{"href":"http:\/\/intersismet.pt\/es\/wp-json\/wp\/v2\/types\/page"}],"author":[{"embeddable":true,"href":"http:\/\/intersismet.pt\/es\/wp-json\/wp\/v2\/users\/1"}],"replies":[{"embeddable":true,"href":"http:\/\/intersismet.pt\/es\/wp-json\/wp\/v2\/comments?post=13476"}],"version-history":[{"count":0,"href":"http:\/\/intersismet.pt\/es\/wp-json\/wp\/v2\/pages\/13476\/revisions"}],"up":[{"embeddable":true,"href":"http:\/\/intersismet.pt\/es\/wp-json\/wp\/v2\/pages\/13456"}],"wp:attachment":[{"href":"http:\/\/intersismet.pt\/es\/wp-json\/wp\/v2\/media?parent=13476"}],"curies":[{"name":"wp","href":"https:\/\/api.w.org\/{rel}","templated":true}]}}