{"id":13482,"date":"2013-10-12T14:55:45","date_gmt":"2013-10-12T14:55:45","guid":{"rendered":"http:\/\/intersismet.com\/equipo\/natalia-ramos\/"},"modified":"2015-04-02T12:17:01","modified_gmt":"2015-04-02T12:17:01","slug":"natalia-ramos","status":"publish","type":"page","link":"http:\/\/intersismet.pt\/es\/equipo\/natalia-ramos\/","title":{"rendered":"Nat\u00e1lia Ramos"},"content":{"rendered":"<div class=\"vc_row wpb_row vc_row-fluid\"><div class=\"wpb_column vc_column_container vc_col-sm-4\"><div class=\"wpb_wrapper\">\n\t<div class=\"wpb_single_image wpb_content_element vc_align_left  wpb_animate_when_almost_visible wpb_left-to-right\">\n\t\t\n\t\t<figure class=\"wpb_wrapper vc_figure\">\n\t\t\t<div class=\"vc_single_image-wrapper   vc_box_border_grey\"><img loading=\"lazy\" decoding=\"async\" class=\"vc_single_image-img \" src=\"http:\/\/intersismet.com\/wp-content\/uploads\/2013\/10\/equipa_nataliaramos.jpg\" width=\"270\" height=\"200\" alt=\"equipa_nataliaramos\" title=\"equipa_nataliaramos\" \/><\/div>\n\t\t<\/figure>\n\t<\/div>\n[dt_quote type=&#8221;blockquote&#8221; font_size=&#8221;normal&#8221; background=&#8221;plain&#8221; animation=&#8221;none&#8221;]La mejor forma de prever el futuro es crearlo.<\/p>\n<h6>Peter Drucker<\/h6>\n<p>[\/dt_quote]<div class=\"vc_separator wpb_content_element vc_separator_align_center vc_sep_width_100 vc_sep_pos_align_center vc_separator_no_text vc_sep_color_grey\"><span\n\tclass=\"vc_sep_holder vc_sep_holder_l\"><span  class=\"vc_sep_line\"><\/span><\/span><span\n\tclass=\"vc_sep_holder vc_sep_holder_r\"><span  class=\"vc_sep_line\"><\/span><\/span>\n<\/div>\n\t<div class=\"wpb_text_column wpb_content_element \">\n\t\t<div class=\"wpb_wrapper\">\n\t\t\t<p><strong>Estudios realizados<\/strong><strong>\u00a0 <\/strong><\/p>\n<div>\n<ul>\n<li>Licenciatura en Planificaci\u00f3n Regional por la Universidad Nova de Lisboa; Postgrado en Gesti\u00f3n de Ciudades;\u00a0 M\u00e1ster en Economia\u00a0y Gesti\u00f3n del Territorio;<\/li>\n<\/ul>\n<\/div>\n\n\t\t<\/div>\n\t<\/div>\n<\/div><\/div><div class=\"wpb_column vc_column_container vc_col-sm-8\"><div class=\"wpb_wrapper\">\n\t<div class=\"wpb_text_column wpb_content_element \">\n\t\t<div class=\"wpb_wrapper\">\n\t\t\t<p><strong>Responsable del \u00e1rea t\u00e9cnica de INTERSISMET Consulting en Angola.<\/strong><\/p>\n<p>Posee 19 a\u00f1os de experiencia en consultor\u00eda en las \u00e1reas de planificaci\u00f3n y ordenaci\u00f3n de territorio y organizaci\u00f3n y modernizaci\u00f3n administrativa.<\/p>\n<p>Responsable de la concepci\u00f3n y supervisi\u00f3n de Proyectos, posee formaci\u00f3n en gesti\u00f3n de proyectos fundamentales (PMBOK).<\/p>\n<p><strong>Experiencia:<\/strong><\/p>\n<ul>\n<li>Consultora de INTERSISMET S.A. \u2013 participaci\u00f3n en equipos t\u00e9cnicos en el \u00e1mbito de proyectos, de la planificaci\u00f3n y ordenaci\u00f3n del territorio en Portugal y Angola (1994-2000)<\/li>\n<li>Directora del Departamento de Planificaci\u00f3n Regional para el mercado portugu\u00e9s en INTERSISMET \u2013 desarrollo y gesti\u00f3n de proyectos y equipos t\u00e9cnicos en el \u00e1mbito de la planificaci\u00f3n territorial y en el dominio de la organizaci\u00f3n y modernizaci\u00f3n administrativa (2000 a 2005);<\/li>\n<li>Directora del \u00e1rea de consultor\u00eda para el mercado internacional en INTERSISMET \u2013 desarrollo y gesti\u00f3n de proyectos y equipos t\u00e9cnicos en el \u00e1mbito de la planificaci\u00f3n territorial y en el dominio de organizaci\u00f3n y modernizaci\u00f3n administrativa en Angola (desde 2005);<\/li>\n<li>Vocal de la Administraci\u00f3n en INTERSISMET S.A. (de 2005 a 2011);<\/li>\n<\/ul>\n\n\t\t<\/div>\n\t<\/div>\n<\/div><\/div><\/div>\n","protected":false},"excerpt":{"rendered":"[dt_quote type=\"blockquote\" font_size=\"normal\" background=\"plain\" animation=\"none\"]La mejor forma de prever el futuro es crearlo. Peter Drucker [\/dt_quote] Estudios realizados\u00a0 Licenciatura en Planificaci\u00f3n Regional por la Universidad Nova de Lisboa; Postgrado en Gesti\u00f3n de Ciudades;\u00a0 M\u00e1ster en Economia\u00a0y Gesti\u00f3n del Territorio; Responsable del \u00e1rea t\u00e9cnica de INTERSISMET Consulting en Angola. Posee 19 a\u00f1os de experiencia en consultor\u00eda &hellip; <a href=\"http:\/\/intersismet.pt\/es\/equipo\/natalia-ramos\/\" class=\"more-link\">Continue reading <span class=\"screen-reader-text\">Nat\u00e1lia Ramos<\/span><\/a>","protected":false},"author":1,"featured_media":0,"parent":13456,"menu_order":0,"comment_status":"closed","ping_status":"closed","template":"","meta":{"footnotes":""},"_links":{"self":[{"href":"http:\/\/intersismet.pt\/es\/wp-json\/wp\/v2\/pages\/13482"}],"collection":[{"href":"http:\/\/intersismet.pt\/es\/wp-json\/wp\/v2\/pages"}],"about":[{"href":"http:\/\/intersismet.pt\/es\/wp-json\/wp\/v2\/types\/page"}],"author":[{"embeddable":true,"href":"http:\/\/intersismet.pt\/es\/wp-json\/wp\/v2\/users\/1"}],"replies":[{"embeddable":true,"href":"http:\/\/intersismet.pt\/es\/wp-json\/wp\/v2\/comments?post=13482"}],"version-history":[{"count":0,"href":"http:\/\/intersismet.pt\/es\/wp-json\/wp\/v2\/pages\/13482\/revisions"}],"up":[{"embeddable":true,"href":"http:\/\/intersismet.pt\/es\/wp-json\/wp\/v2\/pages\/13456"}],"wp:attachment":[{"href":"http:\/\/intersismet.pt\/es\/wp-json\/wp\/v2\/media?parent=13482"}],"curies":[{"name":"wp","href":"https:\/\/api.w.org\/{rel}","templated":true}]}}