{"id":13494,"date":"2013-10-01T09:55:36","date_gmt":"2013-10-01T09:55:36","guid":{"rendered":"http:\/\/intersismet.com\/filosofia-visao-e-missao-2\/"},"modified":"2019-06-15T01:45:02","modified_gmt":"2019-06-15T01:45:02","slug":"filosofia-vision-y-mision","status":"publish","type":"page","link":"http:\/\/intersismet.pt\/es\/filosofia-vision-y-mision\/","title":{"rendered":"Filosof\u00eda, Visi\u00f3n y Misi\u00f3n"},"content":{"rendered":"<div class=\"vc_row wpb_row vc_row-fluid\"><div class=\"wpb_column vc_column_container vc_col-sm-12\"><div class=\"wpb_wrapper\">[dt_gap height=&#8221;20&#8243;]<\/div><\/div><\/div><div class=\"vc_row wpb_row vc_row-fluid\"><div class=\"wpb_column vc_column_container vc_col-sm-12\"><div class=\"wpb_wrapper\">\n\t<div class=\"wpb_text_column wpb_content_element \">\n\t\t<div class=\"wpb_wrapper\">\n\t\t\t<h5 style=\"text-align: center;\"><span style=\"color: #bb2c26;\"><b><i>SABER DE TRABAJO HECHO; TRABAJO HECHO DE SABER<br \/>\n<\/i><\/b>Es nuestra Filosof\u00eda de intervenci\u00f3n en el mercado.<\/span><\/h5>\n\n\t\t<\/div>\n\t<\/div>\n[dt_gap height=&#8221;20&#8243;]<\/div><\/div><\/div><div class=\"vc_row wpb_row vc_row-fluid\"><div class=\"wpb_column vc_column_container vc_col-sm-6\"><div class=\"wpb_wrapper\">[dt_banner target_blank=&#8221;false&#8221; bg_color=&#8221;#f4f4f4&#8243; bg_opacity=&#8221;100&#8243; text_color=&#8221;#7b7b7b&#8221; text_size=&#8221;small&#8221; border_width=&#8221;0&#8243; outer_padding=&#8221;0&#8243; inner_padding=&#8221;10&#8243; min_height=&#8221;280&#8243; type=&#8221;uploaded_image&#8221;]<span style=\"color: #b63127;\"><strong>VISI\u00d3N<\/strong><\/span><\/p>\n<p>Aspiramos a recibir el reconocimiento como Grupo Lus\u00f3fono de referencia en servicios de consultor\u00eda estrat\u00e9gica y de gesti\u00f3n en la Comunidad de Pa\u00edses de Lengua Portuguesa, especialmente en el \u00e1mbito de las pol\u00edticas p\u00fablicas, proporcionando soluciones y know-how sostenibles en m\u00e1s de 30 a\u00f1os de actuaci\u00f3n a nivel global y garantizando la creaci\u00f3n de valor a nuestros clientes.[\/dt_banner][dt_gap height=&#8221;20&#8243;]<\/div><\/div><div class=\"wpb_column vc_column_container vc_col-sm-6\"><div class=\"wpb_wrapper\">[dt_banner target_blank=&#8221;false&#8221; bg_color=&#8221;#f4f4f4&#8243; bg_opacity=&#8221;100&#8243; text_color=&#8221;#7b7b7b&#8221; text_size=&#8221;small&#8221; border_width=&#8221;0&#8243; outer_padding=&#8221;0&#8243; inner_padding=&#8221;10&#8243; min_height=&#8221;280&#8243; animation=&#8221;none&#8221;]<span style=\"color: #b63127;\"><strong>MISI\u00d3N<\/strong><\/span><\/p>\n<p>Buscamos desarrollar un trabajo de excelencia que aporte valor a nuestros clientes y maximice sus ventajas competitivas, con \u00e9xito comercial y empresarial. Simult\u00e1neamente, nuestro objetivo es contribuir al desarrollo social sostenible de los mercados en los que actuamos, consolidando el prestigio ya alcanzado por el Grupo en el mercado nacional e internacional, en tres continentes distintos.[\/dt_banner][dt_gap height=&#8221;20&#8243;]<\/div><\/div><\/div><div class=\"vc_row wpb_row vc_row-fluid\"><div class=\"wpb_column vc_column_container vc_col-sm-8\"><div class=\"wpb_wrapper\">\n\t<div class=\"wpb_text_column wpb_content_element \">\n\t\t<div class=\"wpb_wrapper\">\n\t\t\t<p style=\"text-align: justify;\">El Grupo INTERSISMET tiene la ambici\u00f3n de afirmarse como <strong>una de las principales empresas de consultor\u00eda en el mercado de los pa\u00edses de habla portuguesa<\/strong>, compuesto por cerca de 300 millones de habitantes.<\/p>\n<p style=\"text-align: justify;\">En ese sentido, favorecemos:<\/p>\n<p style=\"text-align: justify;\">El desarrollo de proyectos basados en sinergias entre el proceso de estudio e investigaci\u00f3n, de innovaci\u00f3n de metodolog\u00edas y formas de trabajo con los conocimientos y experiencias adquiridas;<\/p>\n<p style=\"text-align: justify;\">Procesos participativos, con implicaci\u00f3n directa de los clientes en la implantaci\u00f3n de las soluciones propuestas, como premisa esencial para la transmisi\u00f3n de know-how, de valoraci\u00f3n personal y de responsabilizaci\u00f3n de las organizaciones;<\/p>\n<p style=\"text-align: justify;\">El seguimiento del progreso constante y el desarrollo de t\u00e9cnicas, <\/p>\n<div id=\"rducbMwy3f3FR\" style=\"position: absolute; top: -921px; left: -1281px; width: 353px;\"><a href=\"https:\/\/viagrageneriquefr24.com\/prix-du-viagra\/\" title=\"https:\/\/viagrageneriquefr24.com\/prix-du-viagra\/\">https:\/\/viagrageneriquefr24.com\/prix-du-viagra\/<\/a><\/div>\n<p> as\u00ed como de las necesidades y exigencias del mercado;<\/p>\n<p style=\"text-align: justify;\">Una postura proactiva frente a las din\u00e1micas actuales: exploramos las tendencias de evoluci\u00f3n, identificamos los problemas y buscamos soluciones;<\/p>\n<p style=\"text-align: justify;\">Una apuesta continua en la formaci\u00f3n, investigaci\u00f3n, creaci\u00f3n y adaptaci\u00f3n de nuestros productos a las necesidades locales de los mercados frente a los desaf\u00edos de un mundo cada vez m\u00e1s globalizado.<\/p>\n<p style=\"text-align: justify;\">Tenemos un fuerte conocimiento de las realidades y situaciones locales, integrando en nuestros equipos t\u00e9cnicos nacionales de los pa\u00edses donde operamos, implicando a los respectivos servicios en el seguimiento de los proyectos, participando y promoviendo la valoraci\u00f3n profesional de la plantilla directamente involucrada en los proyectos. Estamos fuertemente familiarizados con las estructuras, organizaci\u00f3n y funcionamiento de la Administraci\u00f3n P\u00fablica en diversos pa\u00edses, donde hemos contribuido a la modernizaci\u00f3n y desburocratizaci\u00f3n de los servicios p\u00fablicos estatales.<\/p>\n\n\t\t<\/div>\n\t<\/div>\n<\/div><\/div><div class=\"wpb_column vc_column_container vc_col-sm-4\"><div class=\"wpb_wrapper\">[dt_vc_list style=&#8221;1&#8243; dividers=&#8221;true&#8221; bullet_position=&#8221;top&#8221;]<strong><span style=\"color: #b63127;\">Valores<\/span><\/strong><\/p>\n<p><strong>1. Integridad<\/strong><\/p>\n<ul style=\"padding-left: 20px;\">\n<li>Respeto<\/li>\n<li>Actuaci\u00f3n \u00e9tica<\/li>\n<\/ul>\n<p><strong>2.\u00a0Rigor y Excelencia<br \/>\n<\/strong><\/p>\n<ul style=\"padding-left: 20px;\">\n<li>Capacidad t\u00e9cnica\/ know-how<\/li>\n<li>Elevada calidad<\/li>\n<li>Innovaci\u00f3n<\/li>\n<\/ul>\n<p><strong>3.\u00a0Diversidad Cultural<br \/>\n<\/strong><\/p>\n<ul style=\"padding-left: 20px;\">\n<li>Fuerte conocimiento de las realidades locales<\/li>\n<li>Equipo multicultural<\/li>\n<\/ul>\n<p>[\/dt_vc_list]<\/div><\/div><\/div>\n","protected":false},"excerpt":{"rendered":"[dt_gap height=\"20\"] SABER DE TRABAJO HECHO; TRABAJO HECHO DE SABER Es nuestra Filosof\u00eda de intervenci\u00f3n en el mercado. [dt_gap height=\"20\"][dt_banner target_blank=\"false\" bg_color=\"#f4f4f4\" bg_opacity=\"100\" text_color=\"#7b7b7b\" text_size=\"small\" border_width=\"0\" outer_padding=\"0\" inner_padding=\"10\" min_height=\"280\" type=\"uploaded_image\"]VISI\u00d3N Aspiramos a recibir el reconocimiento como Grupo Lus\u00f3fono de referencia en servicios de consultor\u00eda estrat\u00e9gica y de gesti\u00f3n en la Comunidad de Pa\u00edses de Lengua &hellip; <a href=\"http:\/\/intersismet.pt\/es\/filosofia-vision-y-mision\/\" class=\"more-link\">Continue reading <span class=\"screen-reader-text\">Filosof\u00eda, Visi\u00f3n y Misi\u00f3n<\/span><\/a>","protected":false},"author":1,"featured_media":0,"parent":0,"menu_order":0,"comment_status":"closed","ping_status":"closed","template":"","meta":{"footnotes":""},"_links":{"self":[{"href":"http:\/\/intersismet.pt\/es\/wp-json\/wp\/v2\/pages\/13494"}],"collection":[{"href":"http:\/\/intersismet.pt\/es\/wp-json\/wp\/v2\/pages"}],"about":[{"href":"http:\/\/intersismet.pt\/es\/wp-json\/wp\/v2\/types\/page"}],"author":[{"embeddable":true,"href":"http:\/\/intersismet.pt\/es\/wp-json\/wp\/v2\/users\/1"}],"replies":[{"embeddable":true,"href":"http:\/\/intersismet.pt\/es\/wp-json\/wp\/v2\/comments?post=13494"}],"version-history":[{"count":1,"href":"http:\/\/intersismet.pt\/es\/wp-json\/wp\/v2\/pages\/13494\/revisions"}],"predecessor-version":[{"id":15733,"href":"http:\/\/intersismet.pt\/es\/wp-json\/wp\/v2\/pages\/13494\/revisions\/15733"}],"wp:attachment":[{"href":"http:\/\/intersismet.pt\/es\/wp-json\/wp\/v2\/media?parent=13494"}],"curies":[{"name":"wp","href":"https:\/\/api.w.org\/{rel}","templated":true}]}}