{"id":14537,"date":"2013-11-21T17:06:20","date_gmt":"2013-11-21T17:06:20","guid":{"rendered":"http:\/\/intersismet.com\/?page_id=14537"},"modified":"2015-04-08T09:31:05","modified_gmt":"2015-04-08T09:31:05","slug":"consultoria","status":"publish","type":"page","link":"http:\/\/intersismet.pt\/es\/servicios\/consultoria\/","title":{"rendered":"Consultor\u00eda"},"content":{"rendered":"<div class=\"vc_row wpb_row vc_row-fluid\"><div class=\"wpb_column vc_column_container vc_col-sm-12\"><div class=\"wpb_wrapper\">\n\t<div class=\"wpb_text_column wpb_content_element \">\n\t\t<div class=\"wpb_wrapper\">\n\t\t\t<p>En el \u00e1mbito de los servicios de Consultor\u00eda, actuamos en los dominios Estrat\u00e9gico, de Gesti\u00f3n y Financiero:<\/p>\n\n\t\t<\/div>\n\t<\/div>\n<\/div><\/div><\/div><div class=\"vc_row wpb_row vc_row-fluid\"><div class=\"wpb_column vc_column_container vc_col-sm-12\"><div class=\"wpb_wrapper\">[dt_gap height=&#8221;10&#8243;]\n\t<div class=\"wpb_text_column wpb_content_element \">\n\t\t<div class=\"wpb_wrapper\">\n\t\t\t\n\t\t<\/div>\n\t<\/div>\n[dt_gap height=&#8221;5&#8243;]\n\t<div class=\"wpb_tour wpb_content_element\" data-interval=\"0\">\n\t\t<div class=\"wpb_wrapper wpb_tour_tabs_wrapper ui-tabs vc_clearfix\">\n\t\t\t<ul class=\"wpb_tabs_nav ui-tabs-nav vc_clearfix\"><li><a href=\"#tab-1384255498-1-49\">Modernizaci\u00f3n Administrativa<\/a><\/li><li><a href=\"#tab-1384255498-2-15\">Planificaci\u00f3n Estrat\u00e9gica<\/a><\/li><li><a href=\"#tab-1384257886249-2-0\">Capacitaci\u00f3n Institucional y<br \/>\nDesarrollo de Competencias<\/a><\/li><li><a href=\"#tab-1384258086021-3-9\">Tecnolog\u00edas de Informaci\u00f3n<br \/>\ny Comunicaci\u00f3n (TIC\u2019s)<\/a><\/li><li><a href=\"#tab-1384258329932-4-3\">Estudios y Diagn\u00f3sticos<\/a><\/li><li><a href=\"#tab-1384258488462-5-3\">Evaluaciones y Auditorias<\/a><\/li><\/ul>\n\t<div id=\"tab-1384255498-1-49\" class=\"wpb_tab ui-tabs-panel wpb_ui-tabs-hide vc_clearfix\">\n\t\t[dt_vc_list style=&#8221;1&#8243; dividers=&#8221;false&#8221; bullet_position=&#8221;top&#8221;]Intervenimos en el \u00e1mbito de los Modelos Institucionales y de Gesti\u00f3n Municipal, prestando servicios que contribuyen a mejorar a nivel de la Organizaci\u00f3n, de la performance Econ\u00f3mico-Financiera y de la Calidad de los servicios de las Instituciones P\u00fablicas.<\/p>\n<p>Nuestra intervenci\u00f3n impulsa modelos de gesti\u00f3n modernos que confieren a las Instituciones P\u00fablicas la capacidad de superar los desaf\u00edos con los que se deparan actualmente, al actuar sobre los componentes procesales, tecnol\u00f3gicos y de recursos humanos.<\/p>\n<p>Prestamos servicios de Consultor\u00eda y Asesor\u00eda en los siguientes \u00e1mbitos:<\/p>\n<ul>\n<li>Implantaci\u00f3n del Sistema Integrado de Gesti\u00f3n \u2013 SIGMA, para la Administraci\u00f3n P\u00fablica;<\/li>\n<li>Elaboraci\u00f3n de los Documentos Previsionales;<\/li>\n<li>Elaboraci\u00f3n de los Documentos de Prestaci\u00f3n de Cuentas;<\/li>\n<li>Validaci\u00f3n de las Operaciones Contables;<\/li>\n<li>Organizaci\u00f3n de los Almacenes e Implantaci\u00f3n de la Gesti\u00f3n de Stocks;<\/li>\n<li>Inventariado, Reconciliaci\u00f3n y Valoraci\u00f3n de los Bienes Inmuebles y de Dominio P\u00fablico en el \u00e1mbito de la Implantaci\u00f3n del POCAL;<\/li>\n<li>Implantaci\u00f3n de la Contabilidad de Costes;<\/li>\n<li>Implantaci\u00f3n, Seguimiento e Interpretaci\u00f3n de Indicadores de Gesti\u00f3n y de Control Financiero (Tableaux de Bord);<\/li>\n<li>Valoraci\u00f3n de Proyectos de Inversi\u00f3n;<\/li>\n<li>Implantaci\u00f3n del Sistema Integrado de Valoraci\u00f3n del Desempe\u00f1o de la Administraci\u00f3n P\u00fablica;<\/li>\n<li>Otros.<\/li>\n<\/ul>\n<p>Asimismo, en el \u00e1mbito de la Modernizaci\u00f3n Administrativa, hemos elaborado los siguientes estudios:<\/p>\n<ul>\n<li>Organizaci\u00f3n de Servicios P\u00fablicos y Elaboraci\u00f3n de los respectivos Reglamentos;<\/li>\n<li>Determinaci\u00f3n de los Precios de los Servicios Prestados y Bienes suministrados y de las Tasas practicadas por los Municipios;<\/li>\n<li>Elaboraci\u00f3n de tarifas y licencias a aplicar por los Gobiernos Provinciales y Administraciones Municipales.<\/li>\n<\/ul>\n<p>[\/dt_vc_list]\n\t<\/div>\n\n\t<div id=\"tab-1384255498-2-15\" class=\"wpb_tab ui-tabs-panel wpb_ui-tabs-hide vc_clearfix\">\n\t\t[dt_vc_list style=&#8221;1&#8243; dividers=&#8221;false&#8221; bullet_position=&#8221;top&#8221;]Apoyamos a nuestros clientes en la concepci\u00f3n y planificaci\u00f3n estrat\u00e9gica en diversas \u00e1reas y dominios, tanto a nivel del desarrollo nacional y local, como en el \u00e1mbito institucional\/empresarial.<\/p>\n<p>Ponemos al servicio de nuestros clientes nuestra capacidad t\u00e9cnica, metodol\u00f3gica y experiencia comprobada, en el desarrollo de proyectos\/planes en los siguientes dominios:<\/p>\n<ul>\n<li>Planes de Desarrollo Econ\u00f3mico y Social;<\/li>\n<li>Planes de Inversi\u00f3n;<\/li>\n<li>Planes Estrat\u00e9gicos de Emprendedorismo;<\/li>\n<li>Planes Estrat\u00e9gicos de Ordenaci\u00f3n Territorial y de Urbanizaci\u00f3n;<\/li>\n<li>Planes \u00a0Generales Municipales;<\/li>\n<li>Planes (y Estudios) de Desarrollo Local\/Regional\/Provincial;<\/li>\n<li>Planes de Implantaci\u00f3n de Pol\u00edticas Sectoriales;<\/li>\n<li>Planes Estrat\u00e9gicos Institucionales\/Empresariales;<\/li>\n<li>Planes de Negocios y de Financiaci\u00f3n;<\/li>\n<li>Modelos de Gobernaci\u00f3n Institucionales\/Empresariales;<\/li>\n<li>Manuales de Procedimientos;<\/li>\n<li>Otros.<\/li>\n<\/ul>\n<p>[\/dt_vc_list]\n\t<\/div>\n\n\t<div id=\"tab-1384257886249-2-0\" class=\"wpb_tab ui-tabs-panel wpb_ui-tabs-hide vc_clearfix\">\n\t\t[dt_vc_list style=&#8221;1&#8243; dividers=&#8221;false&#8221; bullet_position=&#8221;top&#8221;]Promovemos la valoraci\u00f3n y el desarrollo de competencias del capital humano de nuestros clientes, para capacitar a las Instituciones\/Empresas y para garantizar la respectiva modernizaci\u00f3n de los servicios, a trav\u00e9s del desarrollo e implantaci\u00f3n de:<\/p>\n<ul>\n<li>Diagn\u00f3sticos de Necesidades de Formaci\u00f3n;<\/li>\n<li>Programas de Desarrollo de Competencias;<\/li>\n<li>Formaci\u00f3n de Usuarios en el \u00e1mbito de la implantaci\u00f3n de TIC\u2019s;<\/li>\n<li>Modelos de Valoraci\u00f3n de Desempe\u00f1o;<\/li>\n<li>Otros.<\/li>\n<\/ul>\n<p>Nuestros Programas de Capacitaci\u00f3n y de Desarrollo de Competencias asumen varias modalidades, en funci\u00f3n de la adecuaci\u00f3n a las necesidades de los clientes:<\/p>\n<ul>\n<li>Formaci\u00f3n Presencial;<\/li>\n<li>Formaci\u00f3n e-Learning;<\/li>\n<li>Formaci\u00f3n en Contexto de Trabajo\/ On Job;<\/li>\n<li>Formaci\u00f3n \u2013 Acci\u00f3n o Action Learning;<\/li>\n<li>Seminarios y Workshops.<\/li>\n<\/ul>\n<p>Las principales \u00c1reas de Capacitaci\u00f3n Institucional y de Oferta Formativa en las que intervenimos son:<\/p>\n<ul>\n<li>Gesti\u00f3n y Administraci\u00f3n<\/li>\n<li>Contabilidad y An\u00e1lisis Financiero<\/li>\n<li>Marketing y Publicidad<\/li>\n<li>Encuadramiento en la Funci\u00f3n<\/li>\n<li>Secretariado y Trabajo administrativo<\/li>\n<li>Formaci\u00f3n de Formadores<\/li>\n<li>Competencias Comportamentales<\/li>\n<li>Inform\u00e1tica a nivel de Usuario<\/li>\n<li>Inform\u00e1tica \u2013 Sistema de Normalizaci\u00f3n Contable<\/li>\n<\/ul>\n<p>Desarrollamos programas a medida de las necesidades de nuestros clientes, proponiendo soluciones innovadoras con impacto directo en el desarrollo de competencias, y que potencian la respectiva transferencia al desempe\u00f1o en la funci\u00f3n.[\/dt_vc_list]\n\t<\/div>\n\n\t<div id=\"tab-1384258086021-3-9\" class=\"wpb_tab ui-tabs-panel wpb_ui-tabs-hide vc_clearfix\">\n\t\t[dt_vc_list style=&#8221;1&#8243; dividers=&#8221;false&#8221; bullet_position=&#8221;top&#8221;]Ponemos al servicio del cliente las mejores y m\u00e1s recientes soluciones de \u00e9xito comprobado, a nivel de las TIC\u2019s, centr\u00e1ndonos en la mejora del desempe\u00f1o de nuestros clientes:<\/p>\n<ul>\n<li>Concepci\u00f3n, desarrollo e implantaci\u00f3n de soportes tecnol\u00f3gicos;<\/li>\n<li>Capacitaci\u00f3n de los usuarios;<\/li>\n<li>Integraci\u00f3n de redes y sistemas;<\/li>\n<li>Informatizaci\u00f3n de informaci\u00f3n y procedimientos;<\/li>\n<li>Otros.<\/li>\n<\/ul>\n<div>\n<p>Poseemos una experiencia consolidada en la informatizaci\u00f3n de los servicios de la Administraci\u00f3n P\u00fablica, contribuyendo a la eficiencia y modernizaci\u00f3n de la prestaci\u00f3n de los servicios p\u00fablicos, en Portugal, Angola y otras geograf\u00edas. A trav\u00e9s de la adopci\u00f3n de TIC\u2019s, auxiliamos en la implantaci\u00f3n de programas gubernamentales de descentralizaci\u00f3n administrativa, aumentando la proximidad entre los servicios y el ciudadano.<\/p>\n<\/div>\n<p>Intervenimos en los dominios de la Administraci\u00f3n Financiera, Patrimonial y de Recursos Humanos del Estado, a trav\u00e9s de la implantaci\u00f3n del Sistema Integrado de Gesti\u00f3n Municipal y Local (SIGMA), cuya implantaci\u00f3n contribuye a una mejora de los niveles de eficiencia y credibilidad de los servicios p\u00fablicos. Tambi\u00e9n desarrollamos softwares y otros soportes tecnol\u00f3gicos y aplicaciones corporativas dise\u00f1ados a medida de las necesidades de los clientes, facilitando la resoluci\u00f3n de los desaf\u00edos m\u00e1s complejos.<\/p>\n<p>En el \u00e1mbito del desarrollo de Sistemas Integrados de Gesti\u00f3n en los \u00f3rganos de la Administraci\u00f3n P\u00fablica en Angola (SIGMA), nos encontramos registrados e inscritos en la Comisi\u00f3n Nacional de Tecnolog\u00edas de Informaci\u00f3n (CNTI).[\/dt_vc_list]\n\t<\/div>\n\n\t<div id=\"tab-1384258329932-4-3\" class=\"wpb_tab ui-tabs-panel wpb_ui-tabs-hide vc_clearfix\">\n\t\t[dt_vc_list style=&#8221;1&#8243; dividers=&#8221;false&#8221; bullet_position=&#8221;top&#8221;]Realizamos estudios y diagn\u00f3sticos destinados a caracterizar situaciones y contextos establecidos, orientados a la elaboraci\u00f3n de recomendaciones y propuestas concretas que permitan optimizar los recursos existentes e impulsar mayores niveles de eficiencia:<\/p>\n<p>i. Diagn\u00f3sticos:<\/p>\n<ul>\n<li>Emprendedorismo Local;<\/li>\n<li>Organizaci\u00f3n Estructural de Servicios;<\/li>\n<li>Funcionales (de Departamentos\/Unidades org\u00e1nicas);<\/li>\n<li>Necesidades de Informaci\u00f3n;<\/li>\n<li>Pr\u00e1cticas de Recursos Humanos;<\/li>\n<li>Necesidades de Formaci\u00f3n;<\/li>\n<li>Otros.<\/li>\n<\/ul>\n<div>\n<p>ii. Estudios:<\/p>\n<ul>\n<li>Sistema de Ordenaci\u00f3n Nacional del Territorio;<\/li>\n<li>Estrategia de Regionalizaci\u00f3n o de Desarrollo Local;<\/li>\n<li>Pol\u00edtica Nacional de Vivienda;<\/li>\n<li>Reestructuraciones;<\/li>\n<li>An\u00e1lisis de la Situaci\u00f3n Econ\u00f3mica y financiera;<\/li>\n<li>Sostenibilidad Econ\u00f3mica;<\/li>\n<li>Se\u00f1alizaci\u00f3n Tur\u00edstica y Urbana;<\/li>\n<li>Se\u00f1alizaci\u00f3n de Edificios;<\/li>\n<li>Otros.<\/li>\n<\/ul>\n<\/div>\n<p>[\/dt_vc_list]\n\t<\/div>\n\n\t<div id=\"tab-1384258488462-5-3\" class=\"wpb_tab ui-tabs-panel wpb_ui-tabs-hide vc_clearfix\">\n\t\t[dt_vc_list style=&#8221;1&#8243; dividers=&#8221;false&#8221; bullet_position=&#8221;top&#8221;]Realizamos evaluaciones\/auditorias de car\u00e1cter financiero, encarando siempre estos procesos como instrumentos de gesti\u00f3n, que sirven de base a la gesti\u00f3n de los dirigentes a nivel operacional, administrativo, contable y financiero, confiriendo seguridad, conocimiento y control.<\/p>\n<p>En nuestra actuaci\u00f3n, asumimos que solamente un conocimiento eficaz y un seguimiento de la gesti\u00f3n y situaci\u00f3n financiera del Municipio, pueden proporcionar la implantaci\u00f3n de soluciones adecuadas y en tiempo \u00fatil.<\/p>\n<p>Estos procesos tienen como principales objetivos:<\/p>\n<ul>\n<li>Verificar la legalidad y conformidad de los procedimientos administrativos y de los registros contables;<\/li>\n<li>Apreciar la eficacia de los procedimientos y registros administrativos, financieros y contables, con base en el an\u00e1lisis del Sistema de Control Interno.<\/li>\n<\/ul>\n<p>Disponemos de metodolog\u00edas adecuadas para el an\u00e1lisis de la situaci\u00f3n financiera de los Municipios (Angola) con base en los respectivos documentos de Prestaci\u00f3n de Cuentas y de un conjunto de indicadores que constituyen un Marco de Gobierno del Municipio.[\/dt_vc_list]\n\t<\/div>\n<div class=\"wpb_tour_next_prev_nav vc_clearfix\"> <span class=\"wpb_prev_slide\"><a href=\"#prev\" title=\"Previous tab\">Previous tab<\/a><\/span> <span class=\"wpb_next_slide\"><a href=\"#next\" title=\"Next tab\">Next tab<\/a><\/span><\/div>\n\t\t<\/div>\n\t<\/div>\n<\/div><\/div><\/div><div class=\"vc_row wpb_row vc_row-fluid\"><\/div><div class=\"wpb_column vc_column_container vc_col-sm-12\"><div class=\"wpb_wrapper\"><\/div><\/div>\n","protected":false},"excerpt":{"rendered":"En el \u00e1mbito de los servicios de Consultor\u00eda, actuamos en los dominios Estrat\u00e9gico, de Gesti\u00f3n y Financiero: [dt_gap height=\"10\"] [dt_gap height=\"5\"] Modernizaci\u00f3n AdministrativaPlanificaci\u00f3n Estrat\u00e9gicaCapacitaci\u00f3n Institucional y Desarrollo de CompetenciasTecnolog\u00edas de Informaci\u00f3n y Comunicaci\u00f3n (TIC\u2019s)Estudios y Diagn\u00f3sticosEvaluaciones y Auditorias [dt_vc_list style=\"1\" dividers=\"false\" bullet_position=\"top\"]Intervenimos en el \u00e1mbito de los Modelos Institucionales y de Gesti\u00f3n Municipal, prestando servicios &hellip; <a href=\"http:\/\/intersismet.pt\/es\/servicios\/consultoria\/\" class=\"more-link\">Continue reading <span class=\"screen-reader-text\">Consultor\u00eda<\/span><\/a>","protected":false},"author":1,"featured_media":0,"parent":14517,"menu_order":0,"comment_status":"closed","ping_status":"open","template":"","meta":{"footnotes":""},"_links":{"self":[{"href":"http:\/\/intersismet.pt\/es\/wp-json\/wp\/v2\/pages\/14537"}],"collection":[{"href":"http:\/\/intersismet.pt\/es\/wp-json\/wp\/v2\/pages"}],"about":[{"href":"http:\/\/intersismet.pt\/es\/wp-json\/wp\/v2\/types\/page"}],"author":[{"embeddable":true,"href":"http:\/\/intersismet.pt\/es\/wp-json\/wp\/v2\/users\/1"}],"replies":[{"embeddable":true,"href":"http:\/\/intersismet.pt\/es\/wp-json\/wp\/v2\/comments?post=14537"}],"version-history":[{"count":0,"href":"http:\/\/intersismet.pt\/es\/wp-json\/wp\/v2\/pages\/14537\/revisions"}],"up":[{"embeddable":true,"href":"http:\/\/intersismet.pt\/es\/wp-json\/wp\/v2\/pages\/14517"}],"wp:attachment":[{"href":"http:\/\/intersismet.pt\/es\/wp-json\/wp\/v2\/media?parent=14537"}],"curies":[{"name":"wp","href":"https:\/\/api.w.org\/{rel}","templated":true}]}}