{"id":13444,"date":"2013-10-01T10:11:02","date_gmt":"2013-10-01T10:11:02","guid":{"rendered":"http:\/\/intersismet.com\/clientes-2\/"},"modified":"2019-04-14T07:08:41","modified_gmt":"2019-04-14T07:08:41","slug":"clientele","status":"publish","type":"page","link":"http:\/\/intersismet.pt\/fr\/clientele\/","title":{"rendered":"Client\u00e8le"},"content":{"rendered":"<div class=\"vc_row wpb_row vc_row-fluid\"><div class=\"wpb_column vc_column_container vc_col-sm-12\"><div class=\"wpb_wrapper\">\n\t<div class=\"wpb_text_column wpb_content_element \">\n\t\t<div class=\"wpb_wrapper\">\n\t\t\t<h3>Nationaux<\/h3>\n\n\t\t<\/div>\n\t<\/div>\n[dt_gap height=&#8221;10&#8243;]\n\t<div class=\"wpb_tabs wpb_content_element\" data-interval=\"0\">\n\t\t<div class=\"wpb_wrapper wpb_tour_tabs_wrapper ui-tabs vc_clearfix\">\n\t\t\t<ul class=\"wpb_tabs_nav ui-tabs-nav vc_clearfix\"><li><a href=\"#tab-1382271060-1-56\">Municipalit\u00e9s<\/a><\/li><li><a href=\"#tab-1382271060-2-99\">Associations de Municipalit\u00e9s<\/a><\/li><li><a href=\"#tab-1382274074498-2-6\">Autres<\/a><\/li><\/ul>\n\t<div id=\"tab-1382271060-1-56\" class=\"wpb_tab ui-tabs-panel wpb_ui-tabs-hide vc_clearfix\">\n\t\t<div class=\"vc_row wpb_row vc_inner vc_row-fluid\"><div class=\"wpb_column vc_column_container vc_col-sm-4\"><div class=\"wpb_wrapper\">[dt_vc_list style=&#8221;1&#8243; dividers=&#8221;true&#8221;]<\/p>\n<ul>\n<li>Abrantes<\/li>\n<li>Alc\u00e1cer do Sal<\/li>\n<li>Alcanena<\/li>\n<li>Alcochete<\/li>\n<li>Alenquer<\/li>\n<li>Aljustrel<\/li>\n<li>Almada<\/li>\n<li>Alpiar\u00e7a<\/li>\n<li>Alvito<\/li>\n<li>Amadora<\/li>\n<li>Arronches<\/li>\n<li>Barrancos<\/li>\n<li>Barreiro<\/li>\n<li>Benavente<\/li>\n<li>Calheta<\/li>\n<li>Campo Maior<\/li>\n<li>Cartaxo<\/li>\n<li>Castelo de Vide<\/li>\n<li>Chamusca<\/li>\n<li>Const\u00e2ncia<\/li>\n<li>Crato<\/li>\n<li>Cuba<\/li>\n<li>Entroncamento<\/li>\n<li>Ferreira do Z\u00eazere<\/li>\n<li>Gavi\u00e3<\/li>\n<\/ul>\n<p>[\/dt_vc_list]<\/div><\/div><div class=\"wpb_column vc_column_container vc_col-sm-4\"><div class=\"wpb_wrapper\">[dt_vc_list style=&#8221;1&#8243; dividers=&#8221;true&#8221;]<\/p>\n<ul>\n<li>Goleg\u00e3<\/li>\n<li>Gr\u00e2ndola<\/li>\n<li>Horta<\/li>\n<li>Lajes do Pico<\/li>\n<li>Lagoa<\/li>\n<li>Lagos<\/li>\n<li>Leiria<\/li>\n<li>Lisboa<\/li>\n<li>Loures<\/li>\n<li>Madalena<\/li>\n<li>Marinha Grande<\/li>\n<li>Marv\u00e3o<\/li>\n<li>M\u00e9rtola<\/li>\n<li>Monforte<\/li>\n<li>Montemor-o-Novo<\/li>\n<li>Montijo<\/li>\n<li>Mort\u00e1gua<\/li>\n<li>Mour\u00e3o<\/li>\n<li>Nisa<\/li>\n<li>Oeiras<\/li>\n<li>Oliveira de Azemeis<\/li>\n<li>Our\u00e9m<\/li>\n<li>Ovar<\/li>\n<li>Palmela<\/li>\n<li>Portalegre<\/li>\n<li>Ponta Delgada<\/li>\n<\/ul>\n<p>[\/dt_vc_list]<\/div><\/div><div class=\"wpb_column vc_column_container vc_col-sm-4\"><div class=\"wpb_wrapper\">[dt_vc_list style=&#8221;1&#8243; dividers=&#8221;true&#8221;]<\/p>\n<ul>\n<li>Porto<\/li>\n<li>Porto de M\u00f3s<\/li>\n<li>Reguengos de Monsaraz<\/li>\n<li>Rio Maior<\/li>\n<li>S. Br\u00e1s de Alportel<\/li>\n<li>S. Roque do Pico<\/li>\n<li>Salvaterra de Magos<\/li>\n<li>Santar\u00e9m<\/li>\n<li>Santiago do Cac\u00e9m<\/li>\n<li>Sardoal<\/li>\n<li>Seixal<\/li>\n<li>Serpa<\/li>\n<li>Sines<\/li>\n<li>Sobral de Monte Agra\u00e7o<\/li>\n<li>Sousel<\/li>\n<li>T\u00e1bua<\/li>\n<li>Tomar<\/li>\n<li>Tondela<\/li>\n<li>Torres Vedras<\/li>\n<li>Velas<\/li>\n<li>Vendas Novas<\/li>\n<li>Vila do Bispo<\/li>\n<li>Vila Real<\/li>\n<\/ul>\n<p>[\/dt_vc_list]<\/div><\/div><\/div>\n\t<\/div>\n\n\t<div id=\"tab-1382271060-2-99\" class=\"wpb_tab ui-tabs-panel wpb_ui-tabs-hide vc_clearfix\">\n\t\t[dt_vc_list style=&#8221;1&#8243; dividers=&#8221;true&#8221;]<\/p>\n<ul>\n<li>AMCAL<\/li>\n<li>AMDB<\/li>\n<li>AMDE<\/li>\n<li>AMDS<\/li>\n<li>AMLT<\/li>\n<li>Aire M\u00e9tropolitaine de Lisbonne<\/li>\n<li>Aire M\u00e9tropolitaine du Littoral de l\u2019Alentejo<\/li>\n<\/ul>\n<p>[\/dt_vc_list]\n\t<\/div>\n\n\t<div id=\"tab-1382274074498-2-6\" class=\"wpb_tab ui-tabs-panel wpb_ui-tabs-hide vc_clearfix\">\n\t\t[dt_vc_list style=&#8221;1&#8243; dividers=&#8221;true&#8221;]<\/p>\n<ul>\n<li>CCDR Alentejo<\/li>\n<li>CCDR Algarve<\/li>\n<li>CCDR Lisbonne et Vall\u00e9e du Tage<\/li>\n<li>R\u00e9gion de Tourisme Plan\u00edcie Dourada<\/li>\n<li>R\u00e9gion de Tourisme d\u2019\u00c9vora<\/li>\n<li>R\u00e9gion de Tourisme de S\u00e3o Mamede<\/li>\n<li>R\u00e9gion de Tourisme de l\u2019Algarve<\/li>\n<li>R\u00e9gion de Tourisme du Nord de l\u2019Alentejo<\/li>\n<li>R\u00e9gion de Tourisme du Ribatejo<\/li>\n<li>Direction G\u00e9n\u00e9rale des Politiques R\u00e9gionales de l\u2019EU<\/li>\n<li>Direction G\u00e9n\u00e9rale du D\u00e9veloppement R\u00e9gional<\/li>\n<li>Conseil National de la Recherche Scientifique et Technologique<\/li>\n<li>Secr\u00e9tariat R\u00e9gional du Logement, des Travaux Publics, des Transports et des Communications<\/li>\n<li>Secr\u00e9tariat R\u00e9gional des Finances \u2013 Mad\u00e8re<\/li>\n<\/ul>\n<p>[\/dt_vc_list]\n\t<\/div>\n\n\t\t<\/div>\n\t<\/div>\n[dt_gap height=&#8221;20&#8243;]<\/div><\/div><\/div><div class=\"vc_row wpb_row vc_row-fluid\"><div class=\"wpb_column vc_column_container vc_col-sm-12\"><div class=\"wpb_wrapper\">\n\t<div class=\"wpb_text_column wpb_content_element \">\n\t\t<div class=\"wpb_wrapper\">\n\t\t\t<h3>Internationaux<\/h3>\n\n\t\t<\/div>\n\t<\/div>\n[dt_gap height=&#8221;10&#8243;]\n\t<div class=\"wpb_tabs wpb_content_element\" data-interval=\"0\">\n\t\t<div class=\"wpb_wrapper wpb_tour_tabs_wrapper ui-tabs vc_clearfix\">\n\t\t\t<ul class=\"wpb_tabs_nav ui-tabs-nav vc_clearfix\"><li><a href=\"#tab-1382274286473-3-4\">Angola<\/a><\/li><li><a href=\"#tab-1382274304179-4-1\">Br\u00e9sil<\/a><\/li><li><a href=\"#tab-1382274807158-2-5\">Mozambique<\/a><\/li><li><a href=\"#tab-1382274849292-3-9\">Cap-Vert<\/a><\/li><li><a href=\"#tab-1382274896618-4-10\">Guin\u00e9e-Bissau<\/a><\/li><\/ul>\n\t<div id=\"tab-1382274286473-3-4\" class=\"wpb_tab ui-tabs-panel wpb_ui-tabs-hide vc_clearfix\">\n\t\t<div class=\"vc_row wpb_row vc_inner vc_row-fluid\"><div class=\"wpb_column vc_column_container vc_col-sm-6\"><div class=\"wpb_wrapper\">[dt_vc_list style=&#8221;1&#8243; dividers=&#8221;true&#8221;]<strong>Gouvernements Provinciaux<\/strong><\/p>\n<ul>\n<li>Gouvernement de la Province de Bi\u00e9<\/li>\n<li>Gouvernement de la Province de Cabinda<\/li>\n<li>Gouvernement de la Province de Luanda<\/li>\n<li>Gouvernement de la Province de Bengo<\/li>\n<li>Gouvernement de la Province de Benguela<\/li>\n<li>Gouvernement de la Province de Cuando Cubango<\/li>\n<li>Gouvernement de la Province de Zaire<\/li>\n<li>Gouvernement de la Province de Lunda-Sul<\/li>\n<li>Gouvernement de la Province de Lunda-Norte<\/li>\n<li>Gouvernement Provincial de Cuanza-Sul<\/li>\n<\/ul>\n<p><strong>Minist\u00e8res<\/strong><\/p>\n<ul>\n<li>Minist\u00e8re de l\u2019Urbanisme et de l\u2019Environnement<\/li>\n<li>Minist\u00e8re du Plan<\/li>\n<li>Minist\u00e8re de l\u2019Administration du Territoire<\/li>\n<li>Minist\u00e8re de la Sant\u00e9<\/li>\n<li>Minist\u00e8re du Plan<\/li>\n<li>Minist\u00e8re de l\u2019\u00c9nergie et des Eaux<\/li>\n<li>Minist\u00e8re du Commerce<\/li>\n<li>Minist\u00e8re de l\u2019Industrie<\/li>\n<li>Minist\u00e8re des Sciences et Technologies<\/li>\n<\/ul>\n<p><strong>Entreprises Publiques<\/strong><\/p>\n<ul>\n<li>Port de Luanda, ET.P.<\/li>\n<\/ul>\n<p>[\/dt_vc_list]<\/div><\/div><div class=\"wpb_column vc_column_container vc_col-sm-6\"><div class=\"wpb_wrapper\">[dt_vc_list style=&#8221;1&#8243; dividers=&#8221;true&#8221; bullet_position=&#8221;top&#8221;]<strong>Administrations Municipales<\/strong><\/p>\n<ul>\n<li>Administration Municipale de Belize (Province de Cabinda)<\/li>\n<li>Administration Municipale de Buco Zau (Province de Cabinda)<\/li>\n<li>Administration Municipale de Cabinda (Province de Cabinda)<\/li>\n<li>Administration Municipale de Cacongo (Province de Cabinda)<\/li>\n<li>Administration Municipale de Cazenga (Province de Luanda)<\/li>\n<li>Administration Municipale de Cacuaco (Province de Luanda)<\/li>\n<li>Administration Municipale de Rangel (Province de Luanda)<\/li>\n<li>Administration Municipale de Samba (Province de Luanda)<\/li>\n<li>Administration Municipale de Viana (Province de Luanda)<\/li>\n<li>Administration Municipale de X\u00e1-Muteba (Province de Lunda Norte)<\/li>\n<li>Administration Municipale de Chitato (Province de Lunda Norte)<\/li>\n<li>Administration Municipale de Cuilo (Province de Lunda Norte)<\/li>\n<li>Administration Municipale de Lubalo (Province de Lunda Norte)<\/li>\n<\/ul>\n<p><strong>Instituts<\/strong><\/p>\n<ul>\n<li>IPGUL \u2013 Institut de l\u2019Am\u00e9nagement et de la Gestion Urbaine de Luanda<\/li>\n<li>INOTU \u2013 Institut National de l\u2019Am\u00e9nagement du Territoire et du D\u00e9veloppement Urbain<\/li>\n<li>INH- Institut National du Logement<\/li>\n<li>IGCA -Institut de G\u00e9od\u00e9sie et de Cartographie d\u2019Angola<\/li>\n<li>IDA \u2013 Institut du D\u00e9veloppement Agraire<\/li>\n<li>INEMA \u2013 Institut National de l\u2019Urgence M\u00e9dicale d\u2019Angola<\/li>\n<li>IGEO \u2013 Institut G\u00e9ologique d\u2019Angola<\/li>\n<li>IFAL \u2013 Institut de Formation de l\u2019Administration Locale<\/li>\n<\/ul>\n<p>[\/dt_vc_list]<\/div><\/div><\/div>\n\t<\/div>\n\n\t<div id=\"tab-1382274304179-4-1\" class=\"wpb_tab ui-tabs-panel wpb_ui-tabs-hide vc_clearfix\">\n\t\t[dt_vc_list style=&#8221;1&#8243; dividers=&#8221;true&#8221;]<\/p>\n<ul>\n<li>Gouvernement de l\u2019\u00c9tat du Cear\u00e1<\/li>\n<li>Gouvernement de l\u2019\u00c9tat de Para\u00edba<\/li>\n<\/ul>\n<p>[\/dt_vc_list]\n\t<\/div>\n\n\t<div id=\"tab-1382274807158-2-5\" class=\"wpb_tab ui-tabs-panel wpb_ui-tabs-hide vc_clearfix\">\n\t\t[dt_vc_list style=&#8221;1&#8243; dividers=&#8221;true&#8221;]<\/p>\n<ul>\n<li>PETROMOC<\/li>\n<li>Gouvernement Provincial de Niassa<\/li>\n<li>Minist\u00e8re de <a href=\"http:\/\/cheap-cialisonline.com\/\">http:\/\/cheap-cialisonline.com\/<\/a> l\u2019Administration de l\u2019\u00c9tat<\/li>\n<\/ul>\n<p>[\/dt_vc_list]\n\t<\/div>\n\n\t<div id=\"tab-1382274849292-3-9\" class=\"wpb_tab ui-tabs-panel wpb_ui-tabs-hide vc_clearfix\">\n\t\t[dt_vc_list style=&#8221;1&#8243; dividers=&#8221;true&#8221;]<\/p>\n<ul>\n<li>Mairie de Mosteiros<\/li>\n<li>Minist\u00e8re de la Pr\u00e9sidence<\/li>\n<li>Minist\u00e8re des Travaux Publics<\/li>\n<li>Municipalit\u00e9 de Praia<\/li>\n<li>Municipalit\u00e9 de S\u00e3o Vicente<\/li>\n<\/ul>\n<p>[\/dt_vc_list]\n\t<\/div>\n\n\t<div id=\"tab-1382274896618-4-10\" class=\"wpb_tab ui-tabs-panel wpb_ui-tabs-hide vc_clearfix\">\n\t\t[dt_vc_list style=&#8221;1&#8243; dividers=&#8221;true&#8221;]<\/p>\n<ul>\n<li>Minist\u00e8re du Commerce<\/li>\n<li>Minist\u00e8re du Plan et de la Coordination \u00c9conomique<\/li>\n<\/ul>\n<p>[\/dt_vc_list]\n\t<\/div>\n\n\t\t<\/div>\n\t<\/div>\n<\/div><\/div><\/div>\n","protected":false},"excerpt":{"rendered":"Nationaux [dt_gap height=\"10\"] Municipalit\u00e9sAssociations de Municipalit\u00e9sAutres [dt_vc_list style=\"1\" dividers=\"true\"] Abrantes Alc\u00e1cer do Sal Alcanena Alcochete Alenquer Aljustrel Almada Alpiar\u00e7a Alvito Amadora Arronches Barrancos Barreiro Benavente Calheta Campo Maior Cartaxo Castelo de Vide Chamusca Const\u00e2ncia Crato Cuba Entroncamento Ferreira do Z\u00eazere Gavi\u00e3 [\/dt_vc_list][dt_vc_list style=\"1\" dividers=\"true\"] Goleg\u00e3 Gr\u00e2ndola Horta Lajes do Pico Lagoa Lagos Leiria Lisboa Loures &hellip; <a href=\"http:\/\/intersismet.pt\/fr\/clientele\/\" class=\"more-link\">Continue reading <span class=\"screen-reader-text\">Client\u00e8le<\/span><\/a>","protected":false},"author":1,"featured_media":0,"parent":0,"menu_order":0,"comment_status":"closed","ping_status":"open","template":"","meta":{"footnotes":""},"_links":{"self":[{"href":"http:\/\/intersismet.pt\/fr\/wp-json\/wp\/v2\/pages\/13444"}],"collection":[{"href":"http:\/\/intersismet.pt\/fr\/wp-json\/wp\/v2\/pages"}],"about":[{"href":"http:\/\/intersismet.pt\/fr\/wp-json\/wp\/v2\/types\/page"}],"author":[{"embeddable":true,"href":"http:\/\/intersismet.pt\/fr\/wp-json\/wp\/v2\/users\/1"}],"replies":[{"embeddable":true,"href":"http:\/\/intersismet.pt\/fr\/wp-json\/wp\/v2\/comments?post=13444"}],"version-history":[{"count":1,"href":"http:\/\/intersismet.pt\/fr\/wp-json\/wp\/v2\/pages\/13444\/revisions"}],"predecessor-version":[{"id":15549,"href":"http:\/\/intersismet.pt\/fr\/wp-json\/wp\/v2\/pages\/13444\/revisions\/15549"}],"wp:attachment":[{"href":"http:\/\/intersismet.pt\/fr\/wp-json\/wp\/v2\/media?parent=13444"}],"curies":[{"name":"wp","href":"https:\/\/api.w.org\/{rel}","templated":true}]}}