{"id":13455,"date":"2013-10-01T09:57:53","date_gmt":"2013-10-01T09:57:53","guid":{"rendered":"http:\/\/intersismet.com\/equipa-2\/"},"modified":"2015-04-07T15:54:45","modified_gmt":"2015-04-07T15:54:45","slug":"notre-equipe","status":"publish","type":"page","link":"http:\/\/intersismet.pt\/fr\/notre-equipe\/","title":{"rendered":"Notre \u00c9quipe"},"content":{"rendered":"<div class=\"vc_row wpb_row vc_row-fluid\"><div class=\"wpb_column vc_column_container vc_col-sm-12\"><div class=\"wpb_wrapper\">\n\t<div class=\"wpb_text_column wpb_content_element \">\n\t\t<div class=\"wpb_wrapper\">\n\t\t\t<p>Notre \u00e9quipe est constitu\u00e9e d\u2019un noyau permanent de techniciens qualifi\u00e9s, de consultants sp\u00e9cialis\u00e9s et de consultants ponctuels, qui int\u00e8grent les diff\u00e9rents projets sur lesquels nous travaillons, en fonction de leurs sp\u00e9cificit\u00e9s.<\/p>\n<p>Nous b\u00e9n\u00e9ficions ainsi d\u2019une \u00e9quipe professionnelle, pluridisciplinaire, active et efficace, fortement motiv\u00e9e pour am\u00e9liorer syst\u00e9matiquement nos services en proposant des solutions intelligentes, innovantes et comp\u00e9titives qui nous valent la confiance de nos clients.<\/p>\n\n\t\t<\/div>\n\t<\/div>\n[dt_gap height=&#8221;20&#8243;][dt_gap height=&#8221;15&#8243;]<\/div><\/div><\/div><div class=\"vc_row wpb_row vc_row-fluid\"><div class=\"wpb_column vc_column_container vc_col-sm-8\"><div class=\"wpb_wrapper\">\n\t<div class=\"wpb_single_image wpb_content_element vc_align_left  wpb_animate_when_almost_visible wpb_left-to-right\">\n\t\t\n\t\t<figure class=\"wpb_wrapper vc_figure\">\n\t\t\t<div class=\"vc_single_image-wrapper   vc_box_border_grey\"><img loading=\"lazy\" decoding=\"async\" class=\"vc_single_image-img \" src=\"http:\/\/intersismet.com\/wp-content\/uploads\/2013\/10\/foto_equipa2.jpg\" width=\"580\" height=\"327\" alt=\"foto_equipa\" title=\"foto_equipa\" \/><\/div>\n\t\t<\/figure>\n\t<\/div>\n<\/div><\/div><div class=\"wpb_column vc_column_container vc_col-sm-4\"><div class=\"wpb_wrapper\">\n\t<div class=\"wpb_accordion wpb_content_element  not-column-inherit\" data-collapsible=\"\" data-vc-disable-keydown=\"false\" data-active-tab=\"1\">\n\t\t<div class=\"wpb_wrapper wpb_accordion_wrapper ui-accordion\">\n\n\n\t<div class=\"wpb_accordion_section group\">\n\t\t<h3 class=\"wpb_accordion_header ui-accordion-header\"><a href=\"#alfredo-moura\">Alfredo Moura<\/a><\/h3>\n\t\t<div class=\"wpb_accordion_content ui-accordion-content vc_clearfix\">\n\t\t\t\n\t<div class=\"wpb_text_column wpb_content_element \">\n\t\t<div class=\"wpb_wrapper\">\n\t\t\t<p style=\"text-align: left;\">Pr\u00e9sident du Conseil d\u2019Administration<\/p>\n<h6 style=\"text-align: left;\"><a title=\"Alfredo Moura\" href=\".\/alfredo-moura\/\">voir d\u00e9tail<\/a><\/h6>\n\n\t\t<\/div>\n\t<\/div>\n\n\t\t<\/div>\n\t<\/div>\n\n\t<div class=\"wpb_accordion_section group\">\n\t\t<h3 class=\"wpb_accordion_header ui-accordion-header\"><a href=\"#antonio-gaspar\">Ant\u00f3nio Gaspar<\/a><\/h3>\n\t\t<div class=\"wpb_accordion_content ui-accordion-content vc_clearfix\">\n\t\t\t\n\t<div class=\"wpb_text_column wpb_content_element \">\n\t\t<div class=\"wpb_wrapper\">\n\t\t\t<p style=\"text-align: left;\">CEO Instersismet Consulting, SA<\/p>\n<h6 style=\"text-align: left;\"><a title=\"Ant\u00f3nio Gaspar\" href=\".\/antonio-gaspar\/\">voir d\u00e9tail<\/a><\/h6>\n\n\t\t<\/div>\n\t<\/div>\n\n\t\t<\/div>\n\t<\/div>\n\n\t<div class=\"wpb_accordion_section group\">\n\t\t<h3 class=\"wpb_accordion_header ui-accordion-header\"><a href=\"#guilherme-dray\">Guilherme Dray<\/a><\/h3>\n\t\t<div class=\"wpb_accordion_content ui-accordion-content vc_clearfix\">\n\t\t\t\n\t<div class=\"wpb_text_column wpb_content_element \">\n\t\t<div class=\"wpb_wrapper\">\n\t\t\t<p style=\"text-align: left;\">Membre du Conseil d\u2019Administration<\/p>\n<h6 style=\"text-align: left;\"><a href=\".\/guilherme-dray\/\">voir d\u00e9tail<\/a><\/h6>\n\n\t\t<\/div>\n\t<\/div>\n\n\t\t<\/div>\n\t<\/div>\n\n\t<div class=\"wpb_accordion_section group\">\n\t\t<h3 class=\"wpb_accordion_header ui-accordion-header\"><a href=\"#natalia-ramos\">Nat\u00e1lia Ramos<\/a><\/h3>\n\t\t<div class=\"wpb_accordion_content ui-accordion-content vc_clearfix\">\n\t\t\t\n\t<div class=\"wpb_text_column wpb_content_element \">\n\t\t<div class=\"wpb_wrapper\">\n\t\t\t<p style=\"text-align: left;\">Membre du Conseil d\u2019Administration<\/p>\n<h6 style=\"text-align: left;\"><a href=\".\/natalia-ramos\/\">voir d\u00e9tail<\/a><\/h6>\n\n\t\t<\/div>\n\t<\/div>\n\n\t\t<\/div>\n\t<\/div>\n\n\t<div class=\"wpb_accordion_section group\">\n\t\t<h3 class=\"wpb_accordion_header ui-accordion-header\"><a href=\"#tiago-lopes\">Tiago Lopes<\/a><\/h3>\n\t\t<div class=\"wpb_accordion_content ui-accordion-content vc_clearfix\">\n\t\t\t\n\t<div class=\"wpb_text_column wpb_content_element \">\n\t\t<div class=\"wpb_wrapper\">\n\t\t\t<p style=\"text-align: left;\">Membre du Conseil d\u2019Administration<\/p>\n<h6 style=\"text-align: left;\"><a title=\"Tiago Lopes\" href=\".\/tiago-lopes\/\">voir d\u00e9tail<\/a><\/h6>\n\n\t\t<\/div>\n\t<\/div>\n\n\t\t<\/div>\n\t<\/div>\n\n\t\t<\/div>\n\t<\/div>\n<\/div><\/div><\/div>\n","protected":false},"excerpt":{"rendered":"Notre \u00e9quipe est constitu\u00e9e d\u2019un noyau permanent de techniciens qualifi\u00e9s, de consultants sp\u00e9cialis\u00e9s et de consultants ponctuels, qui int\u00e8grent les diff\u00e9rents projets sur lesquels nous travaillons, en fonction de leurs sp\u00e9cificit\u00e9s. Nous b\u00e9n\u00e9ficions ainsi d\u2019une \u00e9quipe professionnelle, pluridisciplinaire, active et efficace, fortement motiv\u00e9e pour am\u00e9liorer syst\u00e9matiquement nos services en proposant des solutions intelligentes, innovantes et &hellip; <a href=\"http:\/\/intersismet.pt\/fr\/notre-equipe\/\" class=\"more-link\">Continue reading <span class=\"screen-reader-text\">Notre \u00c9quipe<\/span><\/a>","protected":false},"author":1,"featured_media":0,"parent":0,"menu_order":0,"comment_status":"closed","ping_status":"closed","template":"","meta":{"footnotes":""},"_links":{"self":[{"href":"http:\/\/intersismet.pt\/fr\/wp-json\/wp\/v2\/pages\/13455"}],"collection":[{"href":"http:\/\/intersismet.pt\/fr\/wp-json\/wp\/v2\/pages"}],"about":[{"href":"http:\/\/intersismet.pt\/fr\/wp-json\/wp\/v2\/types\/page"}],"author":[{"embeddable":true,"href":"http:\/\/intersismet.pt\/fr\/wp-json\/wp\/v2\/users\/1"}],"replies":[{"embeddable":true,"href":"http:\/\/intersismet.pt\/fr\/wp-json\/wp\/v2\/comments?post=13455"}],"version-history":[{"count":0,"href":"http:\/\/intersismet.pt\/fr\/wp-json\/wp\/v2\/pages\/13455\/revisions"}],"wp:attachment":[{"href":"http:\/\/intersismet.pt\/fr\/wp-json\/wp\/v2\/media?parent=13455"}],"curies":[{"name":"wp","href":"https:\/\/api.w.org\/{rel}","templated":true}]}}