{"id":13475,"date":"2013-10-22T14:31:29","date_gmt":"2013-10-22T14:31:29","guid":{"rendered":"http:\/\/intersismet.com\/equipe\/guilherme-dray\/"},"modified":"2015-04-02T12:07:39","modified_gmt":"2015-04-02T12:07:39","slug":"guilherme-dray","status":"publish","type":"page","link":"http:\/\/intersismet.pt\/fr\/notre-equipe\/guilherme-dray\/","title":{"rendered":"Guilherme Dray"},"content":{"rendered":"<div class=\"vc_row wpb_row vc_row-fluid\"><div class=\"wpb_column vc_column_container vc_col-sm-4\"><div class=\"wpb_wrapper\">\n\t<div class=\"wpb_single_image wpb_content_element vc_align_left  wpb_animate_when_almost_visible wpb_left-to-right\">\n\t\t\n\t\t<figure class=\"wpb_wrapper vc_figure\">\n\t\t\t<div class=\"vc_single_image-wrapper   vc_box_border_grey\"><img loading=\"lazy\" decoding=\"async\" class=\"vc_single_image-img \" src=\"http:\/\/intersismet.com\/wp-content\/uploads\/2013\/10\/equipa_guilhermedaray.jpg\" width=\"270\" height=\"200\" alt=\"equipa_guilhermedaray\" title=\"equipa_guilhermedaray\" \/><\/div>\n\t\t<\/figure>\n\t<\/div>\n[dt_quote type=&#8221;blockquote&#8221; font_size=&#8221;normal&#8221; background=&#8221;plain&#8221; animation=&#8221;none&#8221;]If we had no winter, the spring would not be so pleasant.<\/p>\n<h6>Anne Bradstreet (1612-1672)<\/h6>\n<p>[\/dt_quote]<div class=\"vc_separator wpb_content_element vc_separator_align_center vc_sep_width_100 vc_sep_pos_align_center vc_separator_no_text vc_sep_color_grey\"><span\n\tclass=\"vc_sep_holder vc_sep_holder_l\"><span  class=\"vc_sep_line\"><\/span><\/span><span\n\tclass=\"vc_sep_holder vc_sep_holder_r\"><span  class=\"vc_sep_line\"><\/span><\/span>\n<\/div>\n\t<div class=\"wpb_text_column wpb_content_element \">\n\t\t<div class=\"wpb_wrapper\">\n\t\t\t<p><strong>Formation<br \/>\n<\/strong><\/p>\n<ul>\n<li>Master de Droit, en Sciences Juridiques des Entreprises, de la Facult\u00e9 de Droit de l\u2019Universit\u00e9 de Lisbonne\u00a0;<\/li>\n<li>Cours de Sp\u00e9cialisation en Droit europ\u00e9en, de la Facolt\u00e0 di Giurisprudenza di Urbino, Italie\u00a0;<\/li>\n<li>Ma\u00eetrise de Droit, de la Facult\u00e9 de Droit de l\u2019Universit\u00e9 de Lisbonne.<\/li>\n<\/ul>\n\n\t\t<\/div>\n\t<\/div>\n<\/div><\/div><div class=\"wpb_column vc_column_container vc_col-sm-8\"><div class=\"wpb_wrapper\">\n\t<div class=\"wpb_text_column wpb_content_element \">\n\t\t<div class=\"wpb_wrapper\">\n\t\t\t<p><strong>Administrateur d\u2019Intersismet S.A. et d\u2019Intersismet Consulting<\/strong>, Guilherme Dray poss\u00e8de 20\u00a0ans d\u2019exp\u00e9rience dans les secteurs public et priv\u00e9.<\/p>\n<p><strong>Exp\u00e9rience<\/strong><strong>:<\/strong><\/p>\n<ul>\n<li>Enseignant \u00e0 la Facult\u00e9 de Droit de Lisbonne, depuis 1993\u00a0;<\/li>\n<li>Avocat, depuis 1995\u00a0;<\/li>\n<li>Enseignant \u00e0 la Facult\u00e9 de Droit de Guin\u00e9e-Bissau, entre 1998 et 1999\u00a0;<\/li>\n<li>Fondateur et Membre de la Direction des Instituts de Droit du Travail et de Droit \u00e0 la Consommation, de la Facult\u00e9 de Droit de Lisbonne, depuis 2000\u00a0;<\/li>\n<li>Membre Fondateur de la Communaut\u00e9 des Juristes de Langue Portugaise, depuis 2010\u00a0;<\/li>\n<li>Chef de Cabinet du Ministre des Travaux Publics, des Transports et des Communications du XVII<sup>e<\/sup> Gouvernement Constitutionnel portugais, de 2005 \u00e0 2009\u00a0;<\/li>\n<li>Chef de Cabinet du Premier Ministre du XVIII<sup>e<\/sup> Gouvernement Constitutionnel portugais, de 2009 \u00e0 2011\u00a0;<\/li>\n<li>Membre du Conseil d\u2019Administration d\u2019Intersismet, SA (Portugal), depuis 2011\u00a0;<\/li>\n<li>Membre du Conseil d\u2019Administration d\u2019Intersismet Consulting (Angola), depuis 2011\u00a0;<\/li>\n<li>Membre du Conseil d\u2019Administration de BRZTECH (Br\u00e9sil), \u2013 holding technologique ayant son si\u00e8ge \u00e0 S\u00e3o Paulo, depuis 2012\u00a0;<\/li>\n<li>Auteur de divers ouvrages juridiques, au Portugal et au Br\u00e9sil\u00a0;<\/li>\n<li>Conf\u00e9rencier dans le cadre de divers s\u00e9minaires et cours de troisi\u00e8me cycle, notamment pour les Facult\u00e9s de Droit de l\u2019Universit\u00e9 de Lisbonne, de l\u2019Universit\u00e9 Nouvelle de Lisbonne, de l\u2019Universit\u00e9 Catholique de Porto et de l\u2019Universit\u00e9 Pontificale Catholique de S\u00e3o Paulo.<\/li>\n<\/ul>\n\n\t\t<\/div>\n\t<\/div>\n<\/div><\/div><\/div>\n","protected":false},"excerpt":{"rendered":"[dt_quote type=\"blockquote\" font_size=\"normal\" background=\"plain\" animation=\"none\"]If we had no winter, the spring would not be so pleasant. Anne Bradstreet (1612-1672) [\/dt_quote] Formation Master de Droit, en Sciences Juridiques des Entreprises, de la Facult\u00e9 de Droit de l\u2019Universit\u00e9 de Lisbonne\u00a0; Cours de Sp\u00e9cialisation en Droit europ\u00e9en, de la Facolt\u00e0 di Giurisprudenza di Urbino, Italie\u00a0; Ma\u00eetrise de Droit, &hellip; <a href=\"http:\/\/intersismet.pt\/fr\/notre-equipe\/guilherme-dray\/\" class=\"more-link\">Continue reading <span class=\"screen-reader-text\">Guilherme Dray<\/span><\/a>","protected":false},"author":1,"featured_media":0,"parent":13455,"menu_order":0,"comment_status":"closed","ping_status":"open","template":"","meta":{"footnotes":""},"_links":{"self":[{"href":"http:\/\/intersismet.pt\/fr\/wp-json\/wp\/v2\/pages\/13475"}],"collection":[{"href":"http:\/\/intersismet.pt\/fr\/wp-json\/wp\/v2\/pages"}],"about":[{"href":"http:\/\/intersismet.pt\/fr\/wp-json\/wp\/v2\/types\/page"}],"author":[{"embeddable":true,"href":"http:\/\/intersismet.pt\/fr\/wp-json\/wp\/v2\/users\/1"}],"replies":[{"embeddable":true,"href":"http:\/\/intersismet.pt\/fr\/wp-json\/wp\/v2\/comments?post=13475"}],"version-history":[{"count":0,"href":"http:\/\/intersismet.pt\/fr\/wp-json\/wp\/v2\/pages\/13475\/revisions"}],"up":[{"embeddable":true,"href":"http:\/\/intersismet.pt\/fr\/wp-json\/wp\/v2\/pages\/13455"}],"wp:attachment":[{"href":"http:\/\/intersismet.pt\/fr\/wp-json\/wp\/v2\/media?parent=13475"}],"curies":[{"name":"wp","href":"https:\/\/api.w.org\/{rel}","templated":true}]}}