{"id":13499,"date":"2013-10-01T09:54:27","date_gmt":"2013-10-01T09:54:27","guid":{"rendered":"http:\/\/intersismet.com\/historia-2\/"},"modified":"2014-03-19T11:07:12","modified_gmt":"2014-03-19T11:07:12","slug":"histoire","status":"publish","type":"page","link":"http:\/\/intersismet.pt\/fr\/histoire\/","title":{"rendered":"Histoire"},"content":{"rendered":"<div class=\"vc_row wpb_row vc_row-fluid\"><div class=\"wpb_column vc_column_container vc_col-sm-12\"><div class=\"wpb_wrapper\">[dt_gap height=&#8221;20&#8243;]<\/div><\/div><\/div><div class=\"vc_row wpb_row vc_row-fluid\"><div class=\"wpb_column vc_column_container vc_col-sm-12\"><div class=\"wpb_wrapper\">\n\t<div class=\"wpb_text_column wpb_content_element \">\n\t\t<div class=\"wpb_wrapper\">\n\t\t\t<p><strong>INTERSISMET<\/strong> est l\u2019h\u00e9riti\u00e8re de SISMET, entreprise fond\u00e9e en 1978 par un groupe de cadres poss\u00e9dant des exp\u00e9riences dans diff\u00e9rents domaines. Ayant adopt\u00e9 une m\u00e9thodologie pionni\u00e8re au Portugal fond\u00e9e sur la Th\u00e9orie G\u00e9n\u00e9rale des Syst\u00e8mes, elle a plac\u00e9 celle-ci au service du d\u00e9veloppement de l\u2019administration publique portugaise, suite au processus de d\u00e9centralisation administrative \u00e9dict\u00e9 par la Constitution de la R\u00e9publique Portugaise de 1976.<\/p>\n<p>Avec le march\u00e9 de la lusophonie pour toile de fond, SISMET s\u2019est tr\u00e8s t\u00f4t consacr\u00e9e \u00e0 sa croissance et \u00e0 son internationalisation\u00a0:<\/p>\n\n\t\t<\/div>\n\t<\/div>\n[dt_gap height=&#8221;20&#8243;]\n\t<div class=\"wpb_single_image wpb_content_element vc_align_left\">\n\t\t\n\t\t<figure class=\"wpb_wrapper vc_figure\">\n\t\t\t<div class=\"vc_single_image-wrapper   vc_box_border_grey\"><img loading=\"lazy\" decoding=\"async\" width=\"934\" height=\"386\" src=\"http:\/\/intersismet.com\/wp-content\/uploads\/2013\/10\/timeline_fr1.png\" class=\"vc_single_image-img attachment-full\" alt=\"\" srcset=\"http:\/\/intersismet.com\/wp-content\/uploads\/2013\/10\/timeline_fr1.png 934w, http:\/\/intersismet.com\/wp-content\/uploads\/2013\/10\/timeline_fr1-300x123.png 300w\" sizes=\"(max-width: 934px) 100vw, 934px\" \/><\/div>\n\t\t<\/figure>\n\t<\/div>\n[dt_gap height=&#8221;20&#8243;]\n\t<div class=\"wpb_text_column wpb_content_element \">\n\t\t<div class=\"wpb_wrapper\">\n\t\t\t<p>Le savoir-faire d\u2019INTERSISMET b\u00e9n\u00e9ficie d\u2019un large \u00e9ventail d\u2019exp\u00e9riences acquises gr\u00e2ce \u00e0 son activit\u00e9 d\u00e9but\u00e9e en 1978 et qui, dans son d\u00e9veloppement strat\u00e9gique, a privil\u00e9gi\u00e9 l\u2019administration publique centrale et locale.<\/p>\n<p>En 2004, les deux entreprises ont fusionn\u00e9 et INTERSISMET s\u2019est consacr\u00e9e aux march\u00e9s nationaux et internationaux du conseil.<\/p>\n<p>Aujourd\u2019hui, INTERSISMET d\u00e9ploie son activit\u00e9 dans les domaines de l\u2019organisation, la modernisation administrative, la planification, les technologies de l\u2019information et de la communication, la qualification institutionnelle, la formation et l\u2019inspection de travaux, aussi bien au Portugal, que sur d\u2019autres march\u00e9s internationaux, notamment en Angola, o\u00f9 elle a cr\u00e9e en 2009 une entreprise de droit angolais, Intersismet Consulting SA.<\/p>\n<p>En 2012, INTERSISMET Consulting a inaugur\u00e9 un nouveau si\u00e8ge en Angola et, en 2013, Intersismet S.A. a acquis et ouvert un nouveau si\u00e8ge social \u00e0 Lisbonne.<\/p>\n<p>En 2013, suite logique de son pari sur le march\u00e9 de la lusophonie, INTERSISMET est devenue membre de la Conf\u00e9d\u00e9ration des Entrepreneurs de la CPLP (Communaut\u00e9 des Pays de Langue Portugaise).<\/p>\n<p>En 2014 a \u00e9t\u00e9 constitu\u00e9e Asie Intersismet, qui signale l&#8217;investissement du Groupe au Timor oriental, et a ouvert un nouveau si\u00e8ge \u00e0 Dili.<\/p>\n<div>\n<p>&nbsp;<\/p>\n<\/div>\n\n\t\t<\/div>\n\t<\/div>\n[dt_gap height=&#8221;20&#8243;]<\/div><\/div><\/div>\n","protected":false},"excerpt":{"rendered":"[dt_gap height=\"20\"] INTERSISMET est l\u2019h\u00e9riti\u00e8re de SISMET, entreprise fond\u00e9e en 1978 par un groupe de cadres poss\u00e9dant des exp\u00e9riences dans diff\u00e9rents domaines. Ayant adopt\u00e9 une m\u00e9thodologie pionni\u00e8re au Portugal fond\u00e9e sur la Th\u00e9orie G\u00e9n\u00e9rale des Syst\u00e8mes, elle a plac\u00e9 celle-ci au service du d\u00e9veloppement de l\u2019administration publique portugaise, suite au processus de d\u00e9centralisation administrative \u00e9dict\u00e9 &hellip; <a href=\"http:\/\/intersismet.pt\/fr\/histoire\/\" class=\"more-link\">Continue reading <span class=\"screen-reader-text\">Histoire<\/span><\/a>","protected":false},"author":1,"featured_media":0,"parent":0,"menu_order":0,"comment_status":"closed","ping_status":"closed","template":"","meta":{"footnotes":""},"_links":{"self":[{"href":"http:\/\/intersismet.pt\/fr\/wp-json\/wp\/v2\/pages\/13499"}],"collection":[{"href":"http:\/\/intersismet.pt\/fr\/wp-json\/wp\/v2\/pages"}],"about":[{"href":"http:\/\/intersismet.pt\/fr\/wp-json\/wp\/v2\/types\/page"}],"author":[{"embeddable":true,"href":"http:\/\/intersismet.pt\/fr\/wp-json\/wp\/v2\/users\/1"}],"replies":[{"embeddable":true,"href":"http:\/\/intersismet.pt\/fr\/wp-json\/wp\/v2\/comments?post=13499"}],"version-history":[{"count":0,"href":"http:\/\/intersismet.pt\/fr\/wp-json\/wp\/v2\/pages\/13499\/revisions"}],"wp:attachment":[{"href":"http:\/\/intersismet.pt\/fr\/wp-json\/wp\/v2\/media?parent=13499"}],"curies":[{"name":"wp","href":"https:\/\/api.w.org\/{rel}","templated":true}]}}